{"id":101690,"date":"2023-06-20T18:37:48","date_gmt":"2023-06-20T18:37:48","guid":{"rendered":"https:\/\/ativeagencia.com.br\/radiomais\/?page_id=101690"},"modified":"2024-08-28T17:55:42","modified_gmt":"2024-08-28T17:55:42","slug":"sobre-a-emissora","status":"publish","type":"page","link":"https:\/\/ativeagencia.com.br\/radiomais\/sobre-a-emissora\/","title":{"rendered":"Sobre a Emissora"},"content":{"rendered":"\t\t<div data-elementor-type=\"wp-page\" data-elementor-id=\"101690\" class=\"elementor elementor-101690\" data-elementor-settings=\"[]\">\n\t\t\t\t\t\t<div class=\"elementor-inner\">\n\t\t\t\t\t\t\t<div class=\"elementor-section-wrap\">\n\t\t\t\t\t\t\t<section class=\"elementor-section elementor-top-section elementor-element elementor-element-afd80df elementor-section-boxed elementor-section-height-default elementor-section-height-default\" data-id=\"afd80df\" data-element_type=\"section\">\n\t\t\t\t\t\t<div class=\"elementor-container elementor-column-gap-default\">\n\t\t\t\t\t\t\t<div class=\"elementor-row\">\n\t\t\t\t\t<div class=\"aux-parallax-section elementor-column elementor-col-100 elementor-top-column elementor-element elementor-element-4e08a04\" data-id=\"4e08a04\" data-element_type=\"column\">\n\t\t\t<div class=\"elementor-column-wrap elementor-element-populated\">\n\t\t\t\t\t\t\t<div class=\"elementor-widget-wrap\">\n\t\t\t\t\t\t<div class=\"elementor-element elementor-element-5de6717 elementor-widget elementor-widget-text-editor\" data-id=\"5de6717\" data-element_type=\"widget\" data-widget_type=\"text-editor.default\">\n\t\t\t\t<div class=\"elementor-widget-container\">\n\t\t\t\t\t\t\t\t<div class=\"elementor-text-editor elementor-clearfix\">\n\t\t\t\t<p>Inaugurada em 10 de julho de 2008 em Santo Cristo e com seu est\u00fadio em Santa Rosa desde 8 de dezembro de 2010, a R\u00e1dio Mais FM se destaca por sua tecnologia de ponta.<br \/>Conta com est\u00fadios equipados com software de automa\u00e7\u00e3o digital e equipamentos de \u00faltima gera\u00e7\u00e3o, assegurando a melhor qualidade na execu\u00e7\u00e3o musical e a precis\u00e3o na veicula\u00e7\u00e3o comercial, 24 horas por dia.<br \/>A programa\u00e7\u00e3o \u00e9 cuidadosamente elaborada para garantir altos \u00edndices de audi\u00eancia, um objetivo que j\u00e1 alcan\u00e7ado com sucesso.<br \/>Com uma equipe jovem e qualificada, a R\u00e1dio Mais FM oferece uma programa\u00e7\u00e3o interativa, din\u00e2mica e objetiva, sempre com alto astral. Diariamente, conquistando novos ouvintes e mantendo o compromisso com o retorno de investimento dos anunciantes.<\/p><p>Com uma programa\u00e7\u00e3o popular e rica em informa\u00e7\u00f5es, a Mais \u00e9 a prefer\u00eancia dos ouvintes em Santa Rosa e Santo Cristo, e com excelente audi\u00eancia em cidades vizinhas como Alecrim, Tuparendi, Giru\u00e1, C\u00e2ndido God\u00f3i, S\u00e3o Paulo das Miss\u00f5es, entre outras desta microrregi\u00e3o.<\/p>\t\t\t\t\t<\/div>\n\t\t\t\t\t\t<\/div>\n\t\t\t\t<\/div>\n\t\t\t\t\t\t<\/div>\n\t\t\t\t\t<\/div>\n\t\t<\/div>\n\t\t\t\t\t\t\t\t<\/div>\n\t\t\t\t\t<\/div>\n\t\t<\/section>\n\t\t\t\t<section class=\"elementor-section elementor-top-section elementor-element elementor-element-1a6903e elementor-section-boxed elementor-section-height-default elementor-section-height-default\" data-id=\"1a6903e\" data-element_type=\"section\">\n\t\t\t\t\t\t<div class=\"elementor-container elementor-column-gap-default\">\n\t\t\t\t\t\t\t<div class=\"elementor-row\">\n\t\t\t\t\t<div class=\"aux-parallax-section elementor-column elementor-col-100 elementor-top-column elementor-element elementor-element-0f1575e\" data-id=\"0f1575e\" data-element_type=\"column\">\n\t\t\t<div class=\"elementor-column-wrap elementor-element-populated\">\n\t\t\t\t\t\t\t<div class=\"elementor-widget-wrap\">\n\t\t\t\t\t\t<div class=\"elementor-element elementor-element-9838002 elementor-widget elementor-widget-heading\" data-id=\"9838002\" data-element_type=\"widget\" data-widget_type=\"heading.default\">\n\t\t\t\t<div class=\"elementor-widget-container\">\n\t\t\t<h2 class=\"elementor-heading-title elementor-size-default\">\u00c1rea de abrang\u00eancia<\/h2>\t\t<\/div>\n\t\t\t\t<\/div>\n\t\t\t\t<div class=\"elementor-element elementor-element-17f6040 elementor-widget elementor-widget-image\" data-id=\"17f6040\" data-element_type=\"widget\" data-widget_type=\"image.default\">\n\t\t\t\t<div class=\"elementor-widget-container\">\n\t\t\t\t\t\t\t\t<div class=\"elementor-image\">\n\t\t\t\t\t\t\t\t\t\t\t\t<img loading=\"lazy\" decoding=\"async\" width=\"1024\" height=\"1024\" src=\"https:\/\/ativeagencia.com.br\/radiomais\/wp-content\/uploads\/2023\/11\/area-de-abrangencia-1024x1024.png\" class=\"attachment-large size-large\" alt=\"\" srcset=\"https:\/\/ativeagencia.com.br\/radiomais\/wp-content\/uploads\/2023\/11\/area-de-abrangencia-1024x1024.png 1024w, https:\/\/ativeagencia.com.br\/radiomais\/wp-content\/uploads\/2023\/11\/area-de-abrangencia-300x300.png 300w, https:\/\/ativeagencia.com.br\/radiomais\/wp-content\/uploads\/2023\/11\/area-de-abrangencia-150x150.png 150w, https:\/\/ativeagencia.com.br\/radiomais\/wp-content\/uploads\/2023\/11\/area-de-abrangencia-768x768.png 768w\" sizes=\"auto, (max-width: 1024px) 100vw, 1024px\" \/>\t\t\t\t\t\t\t\t\t\t\t\t\t\t<\/div>\n\t\t\t\t\t\t<\/div>\n\t\t\t\t<\/div>\n\t\t\t\t<div class=\"elementor-element elementor-element-c70bf2a elementor-tablet-align-left elementor-mobile-align-left elementor-align-center elementor-widget elementor-widget-button\" data-id=\"c70bf2a\" data-element_type=\"widget\" data-widget_type=\"button.default\">\n\t\t\t\t<div class=\"elementor-widget-container\">\n\t\t\t\t\t<div class=\"elementor-button-wrapper\">\n\t\t\t<a href=\"https:\/\/ativeagencia.com.br\/radiomais\/wp-content\/uploads\/2023\/11\/MIDIA-KIT-MAIS-FM-NOVO-30-dias.pdf\" target=\"_blank\" class=\"elementor-button-link elementor-button elementor-size-xl\" role=\"button\">\n\t\t\t\t\t\t<span class=\"elementor-button-content-wrapper\">\n\t\t\t\t\t\t<span class=\"elementor-button-icon elementor-align-icon-right\">\n\t\t\t\t<i aria-hidden=\"true\" class=\"auxicon2 auxicon2-arrow-thin-down\"><\/i>\t\t\t<\/span>\n\t\t\t\t\t\t<span class=\"elementor-button-text\">Baixe Nosso M\u00eddia Kit<\/span>\n\t\t<\/span>\n\t\t\t\t\t<\/a>\n\t\t<\/div>\n\t\t\t\t<\/div>\n\t\t\t\t<\/div>\n\t\t\t\t\t\t<\/div>\n\t\t\t\t\t<\/div>\n\t\t<\/div>\n\t\t\t\t\t\t\t\t<\/div>\n\t\t\t\t\t<\/div>\n\t\t<\/section>\n\t\t\t\t\t\t<\/div>\n\t\t\t\t\t\t<\/div>\n\t\t\t\t\t<\/div>\n\t\t","protected":false},"excerpt":{"rendered":"<p>Inaugurada em 10 de julho de 2008 em Santo Cristo e com seu est\u00fadio em Santa Rosa desde 8 de dezembro de 2010, a R\u00e1dio Mais FM se destaca por sua tecnologia de ponta.Conta com est\u00fadios equipados com software de automa\u00e7\u00e3o digital e equipamentos de \u00faltima gera\u00e7\u00e3o, assegurando a melhor qualidade na execu\u00e7\u00e3o musical e [&hellip;]<\/p>\n","protected":false},"author":1,"featured_media":0,"parent":0,"menu_order":0,"comment_status":"closed","ping_status":"closed","template":"","meta":{"footnotes":""},"class_list":["post-101690","page","type-page","status-publish","hentry"],"_links":{"self":[{"href":"https:\/\/ativeagencia.com.br\/radiomais\/wp-json\/wp\/v2\/pages\/101690","targetHints":{"allow":["GET"]}}],"collection":[{"href":"https:\/\/ativeagencia.com.br\/radiomais\/wp-json\/wp\/v2\/pages"}],"about":[{"href":"https:\/\/ativeagencia.com.br\/radiomais\/wp-json\/wp\/v2\/types\/page"}],"author":[{"embeddable":true,"href":"https:\/\/ativeagencia.com.br\/radiomais\/wp-json\/wp\/v2\/users\/1"}],"replies":[{"embeddable":true,"href":"https:\/\/ativeagencia.com.br\/radiomais\/wp-json\/wp\/v2\/comments?post=101690"}],"version-history":[{"count":25,"href":"https:\/\/ativeagencia.com.br\/radiomais\/wp-json\/wp\/v2\/pages\/101690\/revisions"}],"predecessor-version":[{"id":103833,"href":"https:\/\/ativeagencia.com.br\/radiomais\/wp-json\/wp\/v2\/pages\/101690\/revisions\/103833"}],"wp:attachment":[{"href":"https:\/\/ativeagencia.com.br\/radiomais\/wp-json\/wp\/v2\/media?parent=101690"}],"curies":[{"name":"wp","href":"https:\/\/api.w.org\/{rel}","templated":true}]}}